{"id":908,"date":"2019-09-10T12:51:46","date_gmt":"2019-09-10T12:51:46","guid":{"rendered":"https:\/\/plural.upsc.md\/?page_id=908"},"modified":"2020-07-08T16:11:28","modified_gmt":"2020-07-08T16:11:28","slug":"plural-vol-vi-no-1-2019","status":"publish","type":"page","link":"https:\/\/plural.upsc.md\/?page_id=908","title":{"rendered":"Plural Vol. VII, no. 1, 2019"},"content":{"rendered":"<p style=\"text-align: center;\"><span style=\"color: #000000;\"><strong>Content:<\/strong><\/span><\/p>\n<p style=\"text-align: left;\"><span style=\"color: #000000;\"><strong>Articles\/ Studii<\/strong><\/span><\/p>\n<ul>\n<li><a href=\"https:\/\/plural.upsc.md\/wp-content\/uploads\/2019\/09\/Ulrich-Sarcinelli.pdf\"><strong>Ulrich SARCINELLI<\/strong> (Germania), 500 de ani de la Reforma Protestant\u0103 \u2013 semnifica\u021bia pentru societatea \u0219i democra\u021bia german\u0103 \/ 500 years of the Protestant Reformation \u2013 the significance of the Reform for German society and democracy<\/a> \u00a0<span style=\"color: #0000ff;\"><a style=\"color: #0000ff;\" href=\"https:\/\/doi.org\/10.37710\/plural.v7i1_1\">https:\/\/doi.org\/10.37710\/plural.v7i1_1<\/a><\/span><\/li>\n<li><a href=\"https:\/\/plural.upsc.md\/wp-content\/uploads\/2019\/09\/Vasile-George-Ursu.pdf\"><strong>Vasile-George URSU <\/strong>(Rom\u00e2nia), \u0218coala Rom\u00e2n\u0103 din Paris (Fontenay-aux-Roses) \u2013 file semnificative din istoria unei institu\u021bii rom\u00e2ne\u0219ti disp\u0103rute \u00een negura timpului \/ The Romanian School in Paris (Fontenay-aux-Roses): significant aspects from the history of a vanished romanian institution<\/a>\u00a0\u00a0<span style=\"color: #0000ff;\"><a style=\"color: #0000ff;\" href=\"https:\/\/doi.org\/10.37710\/plural.v7i1_2\">https:\/\/doi.org\/10.37710\/plural.v7i1_2<\/a><\/span><\/li>\n<li><a href=\"https:\/\/plural.upsc.md\/wp-content\/uploads\/2019\/09\/Iulian-Gherca.pdf\"><strong>Iulian GHERC<\/strong><strong>\u0102<\/strong> (Rom\u00e2nia), Pr. Anton Gabor \u015fi rolul s\u0103u \u00een \u00eenfiin\u0163area Institutului Presa Bun\u0103 \/ Father Anton Gabor and his role in establishing the Good Press Institute<\/a> \u00a0<span style=\"color: #0000ff;\"><a style=\"color: #0000ff;\" href=\"https:\/\/doi.org\/10.37710\/plural.v7i1_3\">https:\/\/doi.org\/10.37710\/plural.v7i1_3<\/a><\/span><\/li>\n<li><a href=\"https:\/\/plural.upsc.md\/wp-content\/uploads\/2019\/09\/Vitalie-Ponomariov.pdf\"><strong>Vitalie PONOMARIOV<\/strong> (Republica Moldova), Considera\u021bii privind implicarea serviciilor secrete sovietice \u0219i a Cominternului \u00een organizarea rebeliunii de la Tatar-Bunar \/ Considerations regarding the involvement of the Soviet secret services and the Comintern in organizing the Tatar-Bunar rebellion<\/a> \u00a0<span style=\"color: #0000ff;\"><a style=\"color: #0000ff;\" href=\"https:\/\/doi.org\/10.37710\/plural.v7i1_4\">https:\/\/doi.org\/10.37710\/plural.v7i1_4<\/a><\/span><\/li>\n<li><a href=\"https:\/\/plural.upsc.md\/wp-content\/uploads\/2019\/09\/Svetlana-Suveica.pdf\"><strong>Svetlana SUVEIC<\/strong><strong>\u0102<\/strong> (Germania), Loialitate \u00een perioada extremelor: func\u021bionarii publici din Basarabia \u00een perioada celui de-al Doilea R\u0103zboi Mondial (1939-1945) \/ Loyalties in the Age of Extremes: Local Officials in Bessarabia during World War II (1939\u20131945)<\/a>\u00a0\u00a0<span style=\"color: #0000ff;\"><a style=\"color: #0000ff;\" href=\"https:\/\/doi.org\/10.37710\/plural.v7i1_5\">https:\/\/doi.org\/10.37710\/plural.v7i1_5<\/a><\/span><\/li>\n<li><a href=\"https:\/\/plural.upsc.md\/wp-content\/uploads\/2019\/09\/Ruslan-Sevcenco.pdf\"><strong>Ruslan \u0218evcenco<\/strong> (\u0420\u0435\u0441\u043f\u0443\u0431\u043b\u0438\u043a\u0430 \u041c\u043e\u043b\u0434\u043e\u0432\u0430), \u0421\u043e\u0432\u0435\u0442\u0441\u043a\u0430\u044f \u043f\u043e\u043b\u0438\u00ad\u0442\u0438\u043a\u0430 \u043e\u0440\u0433\u0430\u043d\u0438\u0437\u043e\u0432\u0430\u043d\u043d\u043e\u0439 \u043c\u0438\u0433\u0440\u0430\u0446\u0438\u0438. \u041f\u0440\u0438\u043c\u0435\u0440 \u041c\u043e\u043b\u0434\u0430\u0432\u0441\u043a\u043e\u0439 \u0421\u0421\u0420. \u0427\u0430\u0441\u0442\u044c II. (1956-1967) \/ Soviet policy of organized migration. An example of the Moldavian SSR. Part II (1956-1967)<\/a> \u00a0<span style=\"color: #0000ff;\"><a style=\"color: #0000ff;\" href=\"https:\/\/doi.org\/10.37710\/plural.v7i1_6\">https:\/\/doi.org\/10.37710\/plural.v7i1_6<\/a><\/span><\/li>\n<li><a href=\"https:\/\/plural.upsc.md\/wp-content\/uploads\/2019\/09\/Dumitru-Rusu.pdf\"><strong>Dumitru Rusu<\/strong> (Rom\u00e2nia), Analiza patrimoniului modernist-socialist \u00een Republica Moldova prin patru studii de caz \/ Analysis of the modernist-socialist heritage in the Republic of Moldova through four case studies<\/a> <span style=\"color: #0000ff;\"><a style=\"color: #0000ff;\" href=\"https:\/\/doi.org\/10.37710\/plural.v7i1_7\">https:\/\/doi.org\/10.37710\/plural.v7i1_7<\/a><\/span><\/li>\n<li><a href=\"https:\/\/plural.upsc.md\/wp-content\/uploads\/2019\/09\/John-Todd-Stewart.pdf\"><strong>John Todd STEWART <\/strong>(USA), Launching Agricultural Land Reform in Republic of Moldova<\/a> <span style=\"color: #0000ff;\"><a style=\"color: #0000ff;\" href=\"https:\/\/doi.org\/10.37710\/plural.v7i1_8\">https:\/\/doi.org\/10.37710\/plural.v7i1_8<\/a><\/span><\/li>\n<\/ul>\n<p><span style=\"color: #000000;\"><strong>Interview \/ Interviu<\/strong><\/span><\/p>\n<ul>\n<li><a href=\"https:\/\/plural.upsc.md\/wp-content\/uploads\/2019\/09\/Interviu-Caprosu2.pdf\">Interviu cu prof. univ., dr. Ioan Capro\u0219u \/ Interview with professor, dr. Ioan Capro\u0219u (<strong>Sergiu Mustea\u021b<\/strong><strong>\u0103<\/strong><strong>, Ion Gumen\u00e2i<\/strong>)<\/a> <span style=\"color: #0000ff;\"><a style=\"color: #0000ff;\" href=\"https:\/\/doi.org\/10.37710\/plural.v7i1_9\">https:\/\/doi.org\/10.37710\/plural.v7i1_9<\/a><\/span><\/li>\n<li><a href=\"https:\/\/plural.upsc.md\/wp-content\/uploads\/2019\/09\/Interviu-Opris2.pdf\">Interviu cu prof. univ., dr. Ioan Opri\u0219 \/ Interview with professor, dr. Ioan Opri\u0219 (<strong>Sergiu Mustea\u021b<\/strong><strong>\u0103<\/strong>)<\/a>\u00a0<span style=\"color: #0000ff;\"><a style=\"color: #0000ff;\" href=\"https:\/\/doi.org\/10.37710\/plural.v7i1_10\">https:\/\/doi.org\/10.37710\/plural.v7i1_10<\/a><\/span><\/li>\n<\/ul>\n<p><strong>In Memoriam<\/strong><\/p>\n<ul>\n<li><a href=\"https:\/\/plural.upsc.md\/wp-content\/uploads\/2019\/09\/In-memoriam-Vilius-Ivanauskas.pdf\">In memoriam Vilius Ivanauskas (26.08.1979 \u2013 08.11.2018) (<strong>Saulius Grybkauskas<\/strong>)<\/a> <span style=\"color: #0000ff;\"><a style=\"color: #0000ff;\" href=\"https:\/\/doi.org\/10.37710\/plural.v7i1_11\">https:\/\/doi.org\/10.37710\/plural.v7i1_11<\/a><\/span><\/li>\n<\/ul>\n<p><span style=\"color: #000000;\"><strong>Review \/ Recenzie<\/strong><\/span><\/p>\n<ul>\n<li><a href=\"https:\/\/plural.upsc.md\/wp-content\/uploads\/2019\/09\/Recenzii.pdf\">Ioan Opri\u0219, <em>Patrimoniul cultural na\u021bional \u00eentre lege \u0219i f<\/em><em>\u0103<\/em><em>r<\/em><em>\u0103<\/em><em>delege<\/em>, Bucure\u0219ti, Editura Stefadina, 2018, 149 p. (<strong>Claudiu Purdea<\/strong>)<\/a> \u00a0<span style=\"color: #0000ff;\"><a style=\"color: #0000ff;\" href=\"https:\/\/doi.org\/10.37710\/plural.v7i1_12\">https:\/\/doi.org\/10.37710\/plural.v7i1_12<\/a><\/span><\/li>\n<\/ul>\n<p>&nbsp;<\/p>\n<ul>\n<li><a href=\"https:\/\/plural.upsc.md\/wp-content\/uploads\/2019\/09\/Biografii.pdf\"><strong>Authors\u2019 Short Biographies \/ Date despre autori<\/strong><\/a><\/li>\n<li><strong><a style=\"font-weight: 400;\" href=\"https:\/\/plural.upsc.md\/wp-content\/uploads\/2019\/09\/Submission-guidelines.pdf\"><strong>Submission Guidelines<\/strong><\/a>\u00a0<\/strong><strong>\/<\/strong><a href=\"https:\/\/plural.upsc.md\/wp-content\/uploads\/2019\/09\/Nota-pentru-autori.pdf\"><strong> Not<\/strong><strong>\u0103<\/strong><strong> pentru autori<\/strong><\/a><\/li>\n<\/ul>\n<div id=\"gtx-trans\" style=\"position: absolute; left: 56px; top: 337px;\">\n<div class=\"gtx-trans-icon\"><\/div>\n<\/div>\n","protected":false},"excerpt":{"rendered":"<p>Content: Articles\/ Studii Ulrich SARCINELLI (Germania), 500 de ani de la Reforma Protestant\u0103 \u2013 semnifica\u021bia pentru societatea \u0219i democra\u021bia german\u0103 \/ 500 years of the Protestant Reformation \u2013 the significance [&hellip;]<\/p>\n","protected":false},"author":1,"featured_media":0,"parent":0,"menu_order":0,"comment_status":"closed","ping_status":"closed","template":"page-templates\/two-sidebars.php","meta":{"footnotes":""},"class_list":["post-908","page","type-page","status-publish","hentry"],"_links":{"self":[{"href":"https:\/\/plural.upsc.md\/index.php?rest_route=\/wp\/v2\/pages\/908","targetHints":{"allow":["GET"]}}],"collection":[{"href":"https:\/\/plural.upsc.md\/index.php?rest_route=\/wp\/v2\/pages"}],"about":[{"href":"https:\/\/plural.upsc.md\/index.php?rest_route=\/wp\/v2\/types\/page"}],"author":[{"embeddable":true,"href":"https:\/\/plural.upsc.md\/index.php?rest_route=\/wp\/v2\/users\/1"}],"replies":[{"embeddable":true,"href":"https:\/\/plural.upsc.md\/index.php?rest_route=%2Fwp%2Fv2%2Fcomments&post=908"}],"version-history":[{"count":11,"href":"https:\/\/plural.upsc.md\/index.php?rest_route=\/wp\/v2\/pages\/908\/revisions"}],"predecessor-version":[{"id":1090,"href":"https:\/\/plural.upsc.md\/index.php?rest_route=\/wp\/v2\/pages\/908\/revisions\/1090"}],"wp:attachment":[{"href":"https:\/\/plural.upsc.md\/index.php?rest_route=%2Fwp%2Fv2%2Fmedia&parent=908"}],"curies":[{"name":"wp","href":"https:\/\/api.w.org\/{rel}","templated":true}]}}